{"id":2,"date":"2024-02-27T16:05:10","date_gmt":"2024-02-27T16:05:10","guid":{"rendered":"https:\/\/emprendeconellas.com\/?page_id=2"},"modified":"2025-10-08T15:54:53","modified_gmt":"2025-10-08T21:54:53","slug":"pagina-ejemplo","status":"publish","type":"page","link":"https:\/\/emprendeconellas.com\/index.php\/pagina-ejemplo\/","title":{"rendered":"Testimonios"},"content":{"rendered":"\n<h2 class=\"wp-block-heading has-luminous-vivid-orange-color has-text-color has-link-color wp-elements-85ad482e9aa4a3d70274696891267c8d\"><strong>En esta secci\u00f3n, te invitamos a conocer a las protagonistas detr\u00e1s de cada creaci\u00f3n: mujeres valientes que, a trav\u00e9s de su trabajo, no solo construyen sus negocios, sino que tambi\u00e9n inspiran a otros.<\/strong><\/h2>\n\n\n\n<p><\/p>\n\n\n\n<p class=\"has-text-align-justify has-black-color has-text-color has-link-color has-medium-font-size wp-elements-7e21ce4ab36d271e2913f7c56d908c65\">Cada producto que encuentras en nuestra tienda no solo refleja creatividad y calidad, sino tambi\u00e9n el esp\u00edritu emprendedor de mujeres que han convertido sus sue\u00f1os en realidades. <\/p>\n\n\n\n<p class=\"has-black-color has-text-color has-link-color has-medium-font-size wp-elements-b0e2e791bb098e7e202eafeefa1b7ef0\">Lee sus testimonios y descubre c\u00f3mo cada paso, cada decisi\u00f3n y cada esfuerzo han forjado su camino hacia el \u00e9xito. Aqu\u00ed, sus palabras son un reflejo de su pasi\u00f3n, determinaci\u00f3n y la influencia positiva que tienen en sus comunidades. <\/p>\n\n\n\n<p class=\"has-black-color has-text-color has-link-color has-medium-font-size wp-elements-c31c92d8bcdbb80dd48d03dd490b43a9\">Al apoyar sus productos, no solo adquieres algo \u00fanico, sino que tambi\u00e9n te conviertes en parte&nbsp;de&nbsp;su&nbsp;historia.<\/p>\n\n\n\n<hr class=\"wp-block-separator has-alpha-channel-opacity\"\/>\n\n\n\n<div style=\"height:12px\" aria-hidden=\"true\" class=\"wp-block-spacer\"><\/div>\n\n\n\n<p class=\"has-large-font-size\"><strong>Alma Libre<\/strong><\/p>\n\n\n<div class=\"wp-block-image\">\n<figure class=\"aligncenter size-large is-resized\"><img loading=\"lazy\" decoding=\"async\" width=\"1024\" height=\"1024\" src=\"https:\/\/emprendeconellas.com\/wp-content\/uploads\/2025\/01\/image-2-1024x1024.png\" alt=\"\" class=\"wp-image-1191\" style=\"width:538px;height:auto\" srcset=\"https:\/\/emprendeconellas.com\/wp-content\/uploads\/2025\/01\/image-2-1024x1024.png 1024w, https:\/\/emprendeconellas.com\/wp-content\/uploads\/2025\/01\/image-2-300x300.png 300w, https:\/\/emprendeconellas.com\/wp-content\/uploads\/2025\/01\/image-2-150x150.png 150w, https:\/\/emprendeconellas.com\/wp-content\/uploads\/2025\/01\/image-2-768x768.png 768w, https:\/\/emprendeconellas.com\/wp-content\/uploads\/2025\/01\/image-2-1320x1320.png 1320w, https:\/\/emprendeconellas.com\/wp-content\/uploads\/2025\/01\/image-2-600x600.png 600w, https:\/\/emprendeconellas.com\/wp-content\/uploads\/2025\/01\/image-2-100x100.png 100w, https:\/\/emprendeconellas.com\/wp-content\/uploads\/2025\/01\/image-2.png 1440w\" sizes=\"auto, (max-width: 1024px) 100vw, 1024px\" \/><\/figure><\/div>\n\n\n<p class=\"justificar has-black-color has-text-color has-link-color has-medium-font-size wp-elements-29cd3ca8901228a58b5a9a93fc55cb2b\">Desde peque\u00f1a, he sentido una conexi\u00f3n especial con las manualidades. En mi familia siempre hemos sido muy creativos, y cualquier material podr\u00eda convertirse en una obra de arte. Recuerdo c\u00f3mo, en la escuela, me encargaba de las tareas art\u00edsticas con gran entusiasmo, y al llegar al colegio, tom\u00e9 unas clases b\u00e1sicas de bisuter\u00eda. Aunque eran simples, esas clases despertaron en m\u00ed una pasi\u00f3n que hasta el d\u00eda de hoy sigue siendo parte fundamental de mi vida.<\/p>\n\n\n\n<p class=\"justificar has-black-color has-text-color has-link-color has-medium-font-size wp-elements-4b78bdd04596732ed71258e5c8a1333c\">A lo largo de los a\u00f1os, comenc\u00e9 a crear mis propios accesorios y a regal\u00e1rselos a mis compa\u00f1eras y amigas, quienes siempre me halagaban por el trabajo. Aunque no ten\u00eda en mente emprender, notaba que las personas apreciaban lo que hac\u00eda. Sin embargo, mi situaci\u00f3n econ\u00f3mica me obligaba a trabajar y estudiar al mismo tiempo. A los 14 a\u00f1os, ya trabajaba en diferentes comercios, y esas experiencias me ense\u00f1aron sobre la atenci\u00f3n al cliente, la empat\u00eda y la importancia de ofrecer algo valioso.<\/p>\n\n\n\n<hr class=\"wp-block-separator has-alpha-channel-opacity\"\/>\n\n\n\n<p class=\"has-large-font-size\"><strong>Catt\u00ea Costa Rica<\/strong><\/p>\n\n\n<div class=\"wp-block-image\">\n<figure class=\"aligncenter size-full is-resized\"><img loading=\"lazy\" decoding=\"async\" width=\"1000\" height=\"1000\" src=\"https:\/\/emprendeconellas.com\/wp-content\/uploads\/2025\/01\/img.png\" alt=\"\" class=\"wp-image-1204\" style=\"width:529px;height:auto\" srcset=\"https:\/\/emprendeconellas.com\/wp-content\/uploads\/2025\/01\/img.png 1000w, https:\/\/emprendeconellas.com\/wp-content\/uploads\/2025\/01\/img-300x300.png 300w, https:\/\/emprendeconellas.com\/wp-content\/uploads\/2025\/01\/img-150x150.png 150w, https:\/\/emprendeconellas.com\/wp-content\/uploads\/2025\/01\/img-768x768.png 768w, https:\/\/emprendeconellas.com\/wp-content\/uploads\/2025\/01\/img-600x600.png 600w, https:\/\/emprendeconellas.com\/wp-content\/uploads\/2025\/01\/img-100x100.png 100w\" sizes=\"auto, (max-width: 1000px) 100vw, 1000px\" \/><\/figure><\/div>\n\n\n<p class=\"justificar has-black-color has-text-color has-link-color has-medium-font-size wp-elements-4b7232d33696dd60dc0275fb1838547b\">Durante el 2017 me trac\u00e9 la meta de renunciar a mi trabajo e iniciar mi propio negocio. As\u00ed naci\u00f3 Catt\u00ea. La decisi\u00f3n no fue f\u00e1cil de tomar, pero gracias al apoyo que he recibido de todos ustedes creo que vali\u00f3 la pea y me siento muy satisfecha con el resultado. <\/p>\n\n\n\n<hr class=\"wp-block-separator has-alpha-channel-opacity\"\/>\n\n\n\n<p class=\"has-large-font-size\"><strong>La Merienda Positiva<\/strong><\/p>\n\n\n<div class=\"wp-block-image\">\n<figure class=\"aligncenter size-full is-resized\"><img loading=\"lazy\" decoding=\"async\" width=\"1000\" height=\"1000\" src=\"https:\/\/emprendeconellas.com\/wp-content\/uploads\/2025\/01\/img-1.png\" alt=\"\" class=\"wp-image-1207\" style=\"width:528px;height:auto\" srcset=\"https:\/\/emprendeconellas.com\/wp-content\/uploads\/2025\/01\/img-1.png 1000w, https:\/\/emprendeconellas.com\/wp-content\/uploads\/2025\/01\/img-1-300x300.png 300w, https:\/\/emprendeconellas.com\/wp-content\/uploads\/2025\/01\/img-1-150x150.png 150w, https:\/\/emprendeconellas.com\/wp-content\/uploads\/2025\/01\/img-1-768x768.png 768w, https:\/\/emprendeconellas.com\/wp-content\/uploads\/2025\/01\/img-1-600x600.png 600w, https:\/\/emprendeconellas.com\/wp-content\/uploads\/2025\/01\/img-1-100x100.png 100w\" sizes=\"auto, (max-width: 1000px) 100vw, 1000px\" \/><\/figure><\/div>\n\n\n<p class=\"justificar has-black-color has-text-color has-link-color has-medium-font-size wp-elements-3ee52bb7b4909e2518774e64b0095745\">La Merienda Positiva naci\u00f3 en tiempos dif\u00edciles, durante la pandemia, cuando Liseth, madre y nutricionista graduada de la Universidad de Costa Rica, se di\u00f3 cuenta de una triste realidad: muchos ni\u00f1os estaban perdiendo acceso a los comedores escolares. Movida por su deseo de aportar a la salud infantil y ofrecer soluciones alimentarias a las familias, Liseth decidi\u00f3 emprender. Los primeros en probar sus productos fueron sus propios hijos, en ese momento sus principales catadores y luego sus fans por su opini\u00f3n sobre el delicioso sabor y textura. Es as\u00ed como inici\u00f3 su investigaci\u00f3n sobre la importancia de retirar el Gluten por sus efectos negativos en la salud. Todo lo anterior le llev\u00f3 a tomar una importante decisi\u00f3n; todos los productos ser\u00edan libres de Gluten y otros componentes causantes de alergias o intolerancias alimentarias y hoy d\u00eda los productos se dirigen a: Celiacos, Diab\u00e9ticos, personas que presentan intolerancias y ni\u00f1os con diagn\u00f3stico TEA (trastornos del espectro autista).<\/p>\n\n\n\n<hr class=\"wp-block-separator has-alpha-channel-opacity\"\/>\n\n\n\n<p class=\"has-large-font-size\"><strong>Creaciones Sarita<\/strong><\/p>\n\n\n<div class=\"wp-block-image\">\n<figure class=\"aligncenter size-large is-resized\"><img loading=\"lazy\" decoding=\"async\" width=\"1024\" height=\"1024\" src=\"https:\/\/emprendeconellas.com\/wp-content\/uploads\/2025\/01\/image-1024x1024.png\" alt=\"\" class=\"wp-image-1189\" style=\"width:544px;height:auto\" srcset=\"https:\/\/emprendeconellas.com\/wp-content\/uploads\/2025\/01\/image-1024x1024.png 1024w, https:\/\/emprendeconellas.com\/wp-content\/uploads\/2025\/01\/image-300x300.png 300w, https:\/\/emprendeconellas.com\/wp-content\/uploads\/2025\/01\/image-150x150.png 150w, https:\/\/emprendeconellas.com\/wp-content\/uploads\/2025\/01\/image-768x768.png 768w, https:\/\/emprendeconellas.com\/wp-content\/uploads\/2025\/01\/image-1320x1320.png 1320w, https:\/\/emprendeconellas.com\/wp-content\/uploads\/2025\/01\/image-600x600.png 600w, https:\/\/emprendeconellas.com\/wp-content\/uploads\/2025\/01\/image-100x100.png 100w, https:\/\/emprendeconellas.com\/wp-content\/uploads\/2025\/01\/image.png 1440w\" sizes=\"auto, (max-width: 1024px) 100vw, 1024px\" \/><\/figure><\/div>\n\n\n<p class=\"has-text-align-left justificar has-black-color has-text-color has-link-color has-medium-font-size wp-elements-035ca619101d43658cded74ebd7f0ff5\">Sara se dedic\u00f3 a hacer artesan\u00edas hace m\u00e1s de 20 a\u00f1os, cuando se le present\u00f3 la oportunidad a ella y a su esposo de tener un puesto de ventas en las fiestas patronales de San Ram\u00f3n, por lo que posee una gran trayectoria en la creaci\u00f3n de piezas artesanales \u00fanicas y especiales. Sin embargo, fue hasta el 2020 que naci\u00f3, con la llegada de la pandemia, su distintivo emprendimiento Creaciones Sarita, impulsado por la gran incertidumbre de la pandemia y el deseo de seguir aprendiendo y creando a\u00fan en contextos tan complejos como el experimentado durante el aislamiento por COVID-19. Este surgimiento tambi\u00e9n se vio influenciado por su entrada a la Asociaci\u00f3n Mujeres Unidas en Salud y Desarrollo (MUSADE), quien le abri\u00f3 las puertas para que comenzara a vender sus artesan\u00edas.<\/p>\n\n\n\n<p class=\"justificar has-black-color has-text-color has-link-color has-medium-font-size wp-elements-8136d9da2b79b4a29c19d904feb30aa9\">Creaciones Sarita es el resultado de una gran ilusi\u00f3n y pasi\u00f3n por el arte; pasi\u00f3n que impregna cada una de sus obras y las convierte en magia y color. Quien compra una de sus artesan\u00edas, podr\u00e1 leer en ella el encanto de Sara por crear y dedicar su tiempo a la innovaci\u00f3n, detalles que reflejan el gran amor y la delicadeza que Sara empe\u00f1a en cada una de sus creaciones.<\/p>\n\n\n\n<hr class=\"wp-block-separator has-alpha-channel-opacity\"\/>\n\n\n\n<p class=\"has-large-font-size\"><strong>Maceteros Yamila<\/strong><\/p>\n\n\n<div class=\"wp-block-image\">\n<figure class=\"aligncenter size-full is-resized\"><img loading=\"lazy\" decoding=\"async\" width=\"1000\" height=\"1000\" src=\"https:\/\/emprendeconellas.com\/wp-content\/uploads\/2025\/01\/img-3.png\" alt=\"\" class=\"wp-image-1219\" style=\"width:549px;height:auto\" srcset=\"https:\/\/emprendeconellas.com\/wp-content\/uploads\/2025\/01\/img-3.png 1000w, https:\/\/emprendeconellas.com\/wp-content\/uploads\/2025\/01\/img-3-300x300.png 300w, https:\/\/emprendeconellas.com\/wp-content\/uploads\/2025\/01\/img-3-150x150.png 150w, https:\/\/emprendeconellas.com\/wp-content\/uploads\/2025\/01\/img-3-768x768.png 768w, https:\/\/emprendeconellas.com\/wp-content\/uploads\/2025\/01\/img-3-600x600.png 600w, https:\/\/emprendeconellas.com\/wp-content\/uploads\/2025\/01\/img-3-100x100.png 100w\" sizes=\"auto, (max-width: 1000px) 100vw, 1000px\" \/><\/figure><\/div>\n\n\n<p class=\"justificar has-black-color has-text-color has-link-color has-medium-font-size wp-elements-60bdddb1754d80665b45a715304cd58f\">Maceteros Yamila me ha permitido hacer un trabajo que me apasiona desde mi casa, al mismo tiempo que apoyo econ\u00f3micamente a mi familia. Yo deseaba tener un emprendimiento realizando algo que disfrutara hacer, que me permitiera generar dinero desde la casa para apoyar a mi familia, y ser<br>econ\u00f3micamente independiente; pero no sab\u00eda qu\u00e9 tipo de negocio quer\u00eda realizar.<br>Pens\u00e9 en varias ideas, pero ninguna me pareci\u00f3 factible. Fue hasta el 2019 cuando mi hijo me ense\u00f1\u00f3 un video que explicaba c\u00f3mo hacer maceteros de cemento para mis plantas, utilizando moldes de silicona. Entonces decid\u00ed probarlo, yo compr\u00e9 un molde y mi hijo me regal\u00f3 otro. Al tener listos los maceteros los sub\u00ed a mi estado de WhatsApp, y una amiga me pregunt\u00f3 si los hac\u00eda para vender, y fue ah\u00ed donde tuve la idea de empezar un emprendimiento haciendo maceteros para plantas. Pero si quer\u00eda venderlo, primero ten\u00eda que asegurarme que tuvieran buena calidad, por lo que empec\u00e9 a practicar y practicar hasta que me quedaran bien.<\/p>\n\n\n\n<hr class=\"wp-block-separator has-alpha-channel-opacity\"\/>\n\n\n\n<p class=\"has-large-font-size\"><strong>Violet Design<\/strong><\/p>\n\n\n<div class=\"wp-block-image\">\n<figure class=\"aligncenter size-full is-resized\"><img loading=\"lazy\" decoding=\"async\" width=\"1000\" height=\"1000\" src=\"https:\/\/emprendeconellas.com\/wp-content\/uploads\/2025\/01\/img-4.png\" alt=\"\" class=\"wp-image-1221\" style=\"width:567px;height:auto\" srcset=\"https:\/\/emprendeconellas.com\/wp-content\/uploads\/2025\/01\/img-4.png 1000w, https:\/\/emprendeconellas.com\/wp-content\/uploads\/2025\/01\/img-4-300x300.png 300w, https:\/\/emprendeconellas.com\/wp-content\/uploads\/2025\/01\/img-4-150x150.png 150w, https:\/\/emprendeconellas.com\/wp-content\/uploads\/2025\/01\/img-4-768x768.png 768w, https:\/\/emprendeconellas.com\/wp-content\/uploads\/2025\/01\/img-4-600x600.png 600w, https:\/\/emprendeconellas.com\/wp-content\/uploads\/2025\/01\/img-4-100x100.png 100w\" sizes=\"auto, (max-width: 1000px) 100vw, 1000px\" \/><\/figure><\/div>\n\n\n<p class=\"justificar has-black-color has-text-color has-link-color has-medium-font-size wp-elements-d1f01e590c2483df963d00c3729929b5\">Violet Design me ha dado la oportunidad de llevar dinero a mi hogar, al mismo tiempo que paso tiempo con mi hijo menor y lo veo crecer. Hace 13 a\u00f1os, mientras trabajaba en una cafeter\u00eda y mi hijo menor a\u00fan no iba a la escuela, me di cuenta que los largos turnos laborales y las horas extra de trabajo me estaban impidiendo pasar tiempo con \u00e9l mientras crec\u00eda; adem\u00e1s, no me sent\u00eda c\u00f3moda al dejarlo al cuidado de alguien m\u00e1s por tanto tiempo. Por esa raz\u00f3n decid\u00ed emprender, para poder estar presente en su vida y, al mismo tiempo, generar ingresos desde casa. Ser madre me ayud\u00f3 a entender lo que los ni\u00f1os necesitan: ropa c\u00f3moda, duradera y pensada con amor.<\/p>\n\n\n\n<p class=\"justificar has-black-color has-text-color has-link-color has-medium-font-size wp-elements-457e1fa0c771736312cb844bb7a7069c\">Violet Design representa mi historia de esfuerzo, crecimiento y amor por mi familia. Eleg\u00ed la flor de loto como s\u00edmbolo porque, como ella, he aprendido a florecer en medio de las dificultades. Hoy sue\u00f1o con que mi emprendimiento llegue a todo el pa\u00eds y se convierta en una oportunidad para m\u00e1s mujeres que desean transformar su vida.<\/p>\n\n\n\n<hr class=\"wp-block-separator has-alpha-channel-opacity\"\/>\n\n\n\n<p class=\"has-large-font-size\"><strong>Adrian&#8217;s Coffee<\/strong><\/p>\n\n\n<div class=\"wp-block-image\">\n<figure class=\"aligncenter size-full is-resized\"><img loading=\"lazy\" decoding=\"async\" width=\"1000\" height=\"1000\" src=\"https:\/\/emprendeconellas.com\/wp-content\/uploads\/2025\/01\/img-5.png\" alt=\"\" class=\"wp-image-1225\" style=\"width:563px;height:auto\" srcset=\"https:\/\/emprendeconellas.com\/wp-content\/uploads\/2025\/01\/img-5.png 1000w, https:\/\/emprendeconellas.com\/wp-content\/uploads\/2025\/01\/img-5-300x300.png 300w, https:\/\/emprendeconellas.com\/wp-content\/uploads\/2025\/01\/img-5-150x150.png 150w, https:\/\/emprendeconellas.com\/wp-content\/uploads\/2025\/01\/img-5-768x768.png 768w, https:\/\/emprendeconellas.com\/wp-content\/uploads\/2025\/01\/img-5-600x600.png 600w, https:\/\/emprendeconellas.com\/wp-content\/uploads\/2025\/01\/img-5-100x100.png 100w\" sizes=\"auto, (max-width: 1000px) 100vw, 1000px\" \/><\/figure><\/div>\n\n\n<p class=\"justificar has-black-color has-text-color has-link-color has-medium-font-size wp-elements-1289a08513d8be8525b325ce9b291f5b\">Adrian\u00b4s Coffee es una finca cafetalera ubicada en Potrerillos de Piedades Sur, San Ram\u00f3n, Costa Rica, que pertenece a la familia de Ana Iris y Adri\u00e1n, quienes crecieron tambi\u00e9n en familias cafetaleras, por lo que es una pasi\u00f3n heredada. Ana Iris, Adri\u00e1n y sus hijos trabajan d\u00eda a d\u00eda para cuidar sus cultivos y transmitir la sensaci\u00f3n de calidez familiar a sus visitantes y clientes, brindando una experiencia personalizada de invitaci\u00f3n a su cotidianeidad como caficultores. Su caf\u00e9 es de variedad ar\u00e1biga, de altura y sombra, lo que le da un sabor y aroma excepcionales. Adem\u00e1s, desarrollan el cultivo de caf\u00e9 de manera amigable con el medio ambiente, protegiendo la biodiversidad y aplicando buenas pr\u00e1cticas agr\u00edcolas. Su finca es un refugio para muchas especies de aves, insectos, reptiles y mam\u00edferos, por eso han creado Adrian\u00b4s Coffee, un caf\u00e9 que representa su esfuerzo, calidad y compromiso con el planeta y la sostenibilidad.<\/p>\n\n\n\n<hr class=\"wp-block-separator has-alpha-channel-opacity\"\/>\n\n\n\n<p class=\"has-large-font-size\"><strong>Monsa Confecciones <\/strong><\/p>\n\n\n<div class=\"wp-block-image\">\n<figure class=\"aligncenter size-full is-resized\"><img loading=\"lazy\" decoding=\"async\" width=\"1000\" height=\"1000\" src=\"https:\/\/emprendeconellas.com\/wp-content\/uploads\/2025\/01\/img-1-1.png\" alt=\"\" class=\"wp-image-1367\" style=\"width:563px;height:auto\" srcset=\"https:\/\/emprendeconellas.com\/wp-content\/uploads\/2025\/01\/img-1-1.png 1000w, https:\/\/emprendeconellas.com\/wp-content\/uploads\/2025\/01\/img-1-1-300x300.png 300w, https:\/\/emprendeconellas.com\/wp-content\/uploads\/2025\/01\/img-1-1-150x150.png 150w, https:\/\/emprendeconellas.com\/wp-content\/uploads\/2025\/01\/img-1-1-768x768.png 768w, https:\/\/emprendeconellas.com\/wp-content\/uploads\/2025\/01\/img-1-1-600x600.png 600w, https:\/\/emprendeconellas.com\/wp-content\/uploads\/2025\/01\/img-1-1-100x100.png 100w\" sizes=\"auto, (max-width: 1000px) 100vw, 1000px\" \/><\/figure><\/div>\n\n\n<p class=\"justificar has-black-color has-text-color has-link-color has-medium-font-size wp-elements-c751b2a84e295cfb95a148d59441e3bc\">Desde muy joven, sent\u00ed una profunda conexi\u00f3n con la costura, una pasi\u00f3n que hered\u00e9 de mi madre. A los 15 a\u00f1os, comenc\u00e9 a coser mis propias prendas, explorando y perfeccionando el arte con la gu\u00eda de mi familia. Tras finalizar la secundaria, decid\u00ed profundizar en mis conocimientos y se form\u00f3 en un curso de artes femeninas, lo que le permiti\u00f3 desarrollar a\u00fan m\u00e1s su talento.<\/p>\n\n\n\n<p class=\"justificar has-black-color has-text-color has-link-color has-medium-font-size wp-elements-4d18216aca2c8889063905472beaf1bb\">Durante 24 a\u00f1os, Xinia trabaj\u00f3 en una empresa que no ten\u00eda relaci\u00f3n con su verdadera pasi\u00f3n. Aunque su trabajo le proporcionaba estabilidad, su coraz\u00f3n siempre estuvo con la costura. Fue una clienta quien, impresionada por la calidad de las prendas que Xinia confeccionaba, la motiv\u00f3 a seguir su sue\u00f1o y dedicarse por completo a lo que realmente amaba. As\u00ed naci\u00f3 Monsa, un nombre que Xinia eligi\u00f3 en honor a su madre, quien le ense\u00f1\u00f3 los secretos del oficio y le transmiti\u00f3 el amor por la costura. Monsa no es solo una marca, sino un homenaje al legado familiar y a la dedicaci\u00f3n que ha llevado a Xinia a crear piezas \u00fanicas con un toque personal.<\/p>\n\n\n\n<hr class=\"wp-block-separator has-alpha-channel-opacity\"\/>\n\n\n\n<p class=\"has-large-font-size\"><strong>Monarca<\/strong><\/p>\n\n\n<div class=\"wp-block-image\">\n<figure class=\"aligncenter size-full is-resized\"><img loading=\"lazy\" decoding=\"async\" width=\"1000\" height=\"1000\" src=\"https:\/\/emprendeconellas.com\/wp-content\/uploads\/2025\/01\/img-10.png\" alt=\"\" class=\"wp-image-1235\" style=\"width:512px;height:auto\" srcset=\"https:\/\/emprendeconellas.com\/wp-content\/uploads\/2025\/01\/img-10.png 1000w, https:\/\/emprendeconellas.com\/wp-content\/uploads\/2025\/01\/img-10-300x300.png 300w, https:\/\/emprendeconellas.com\/wp-content\/uploads\/2025\/01\/img-10-150x150.png 150w, https:\/\/emprendeconellas.com\/wp-content\/uploads\/2025\/01\/img-10-768x768.png 768w, https:\/\/emprendeconellas.com\/wp-content\/uploads\/2025\/01\/img-10-600x600.png 600w, https:\/\/emprendeconellas.com\/wp-content\/uploads\/2025\/01\/img-10-100x100.png 100w\" sizes=\"auto, (max-width: 1000px) 100vw, 1000px\" \/><\/figure><\/div>\n\n\n<p class=\"justificar has-black-color has-text-color has-link-color has-medium-font-size wp-elements-ef793de4512c86ac8425299a416a4810\">Desde peque\u00f1a la costura ha estado presente en mi vida. Mi mam\u00e1 cos\u00eda a mano todo tipo de ropa, y el verla ser tan feliz mientras lo hac\u00eda, as\u00ed como ver a la mam\u00e1 de una de mis compa\u00f1eras de escuela coser a m\u00e1quina, fue lo que me inspir\u00f3 desde ni\u00f1a a so\u00f1ar con ser modista. Sue\u00f1o que inspir\u00f3 a una peque\u00f1a ni\u00f1a a crear infinidad de ropa para sus mu\u00f1ecas, y ahora me inspira a crear hermosas prendas de vestir y accesorios por medio de \u201cMonarca\u201d. Mientras crec\u00eda llev\u00e9 m\u00faltiples cursos de corte y confecci\u00f3n de prendas de vestir, y trabaj\u00e9 en una empresa de costura. Esto me confirm\u00f3 que la costura realmente era lo que me apasionaba, y me inspir\u00f3 a so\u00f1ar con tener mi propio emprendimiento.<\/p>\n\n\n\n<hr class=\"wp-block-separator has-alpha-channel-opacity\"\/>\n\n\n\n<p class=\"has-large-font-size\"><strong>Las delicias de Ruth<\/strong><\/p>\n\n\n<div class=\"wp-block-image\">\n<figure class=\"aligncenter size-full is-resized\"><img loading=\"lazy\" decoding=\"async\" width=\"1000\" height=\"1000\" src=\"https:\/\/emprendeconellas.com\/wp-content\/uploads\/2025\/01\/img-11.png\" alt=\"\" class=\"wp-image-1370\" style=\"width:512px;height:auto\" srcset=\"https:\/\/emprendeconellas.com\/wp-content\/uploads\/2025\/01\/img-11.png 1000w, https:\/\/emprendeconellas.com\/wp-content\/uploads\/2025\/01\/img-11-300x300.png 300w, https:\/\/emprendeconellas.com\/wp-content\/uploads\/2025\/01\/img-11-150x150.png 150w, https:\/\/emprendeconellas.com\/wp-content\/uploads\/2025\/01\/img-11-768x768.png 768w, https:\/\/emprendeconellas.com\/wp-content\/uploads\/2025\/01\/img-11-600x600.png 600w, https:\/\/emprendeconellas.com\/wp-content\/uploads\/2025\/01\/img-11-100x100.png 100w\" sizes=\"auto, (max-width: 1000px) 100vw, 1000px\" \/><\/figure><\/div>\n\n\n<p class=\"justificar has-black-color has-text-color has-link-color has-medium-font-size wp-elements-cf4599a35e84696c3c1390ae2aa62f62\">Ruth viv\u00eda en una zona rural de Guanacaste, donde preparaba y vend\u00eda presti\u00f1os y tamales. Al casarse y mudarse a San Ram\u00f3n, se dio cuenta de que el salario de su esposo no era suficiente para cubrir las necesidades de su familia, por lo que comenz\u00f3 a trabajar como empleada dom\u00e9stica, donde logr\u00f3 una buena relaci\u00f3n con la hija de la familia, quien un d\u00eda le pidi\u00f3 que preparara presti\u00f1os. Los presti\u00f1os fueron todo un \u00e9xito y la hija, que ya ten\u00eda una clientela establecida con su negocio de reposter\u00eda, vio en esto una oportunidad de negocio.<\/p>\n\n\n\n<p class=\"justificar has-black-color has-text-color has-link-color has-medium-font-size wp-elements-f2945d7627f9ea9a22cfe07c8f14345b\">Ruth y la hija de su jefa decidieron asociarse y comenzaron a producir presti\u00f1os a medias. La demanda creci\u00f3 r\u00e1pidamente, lo que las llev\u00f3 a renunciar al trabajo original y dedicarse de lleno a la producci\u00f3n de presti\u00f1os. Crearon un logo, obtuvieron el permiso de funcionamiento y empezaron a ofrecer sus productos a negocios locales y pronto expandieron su alcance a otras \u00e1reas.<\/p>\n\n\n\n<hr class=\"wp-block-separator has-alpha-channel-opacity\"\/>\n\n\n\n<p class=\"has-large-font-size\"><strong>Taller de reparaci\u00f3n de celulares Lineth<\/strong><\/p>\n\n\n<div class=\"wp-block-image\">\n<figure class=\"aligncenter size-full is-resized\"><img loading=\"lazy\" decoding=\"async\" width=\"1000\" height=\"1000\" src=\"https:\/\/emprendeconellas.com\/wp-content\/uploads\/2025\/01\/img-8.png\" alt=\"\" class=\"wp-image-1364\" style=\"width:512px;height:auto\" srcset=\"https:\/\/emprendeconellas.com\/wp-content\/uploads\/2025\/01\/img-8.png 1000w, https:\/\/emprendeconellas.com\/wp-content\/uploads\/2025\/01\/img-8-300x300.png 300w, https:\/\/emprendeconellas.com\/wp-content\/uploads\/2025\/01\/img-8-150x150.png 150w, https:\/\/emprendeconellas.com\/wp-content\/uploads\/2025\/01\/img-8-768x768.png 768w, https:\/\/emprendeconellas.com\/wp-content\/uploads\/2025\/01\/img-8-600x600.png 600w, https:\/\/emprendeconellas.com\/wp-content\/uploads\/2025\/01\/img-8-100x100.png 100w\" sizes=\"auto, (max-width: 1000px) 100vw, 1000px\" \/><\/figure><\/div>\n\n\n<p class=\"justificar has-black-color has-text-color has-link-color has-medium-font-size wp-elements-ff8ec7d7b471ad462e90ce972f7f9d15\">En octubre de 2021, en medio de sue\u00f1os y esfuerzos, naci\u00f3 mi emprendimiento: un taller dedicado a la reparaci\u00f3n de celulares. Soy una mujer perseverante, y mi pasi\u00f3n por aprender y ayudar a los dem\u00e1s me impuls\u00f3 a construir una peque\u00f1a pero poderosa empresa que hoy se ha convertido en sin\u00f3nimo de confianza y calidad.<\/p>\n\n\n\n<p class=\"justificar has-black-color has-text-color has-link-color has-medium-font-size wp-elements-e97db73dd600fbd8dd251544f04802d7\">Todo comenz\u00f3 gracias a una oportunidad que transform\u00f3 mi vida. Fui beneficiaria de una beca otorgada por el IMAS, que me permiti\u00f3 capacitarme en el prestigioso programa de MG Capacitaci\u00f3n Profesional. Este curso especializado en reparaci\u00f3n de celulares me dio las herramientas y el conocimiento necesario para dar forma a mi sue\u00f1o. Pero no solo recib\u00ed formaci\u00f3n; tambi\u00e9n obtuve el equipo indispensable para comenzar mi negocio. Con estas bases s\u00f3lidas y una determinaci\u00f3n imparable, inici\u00e9 mi camino como microempresaria. Hoy, mi taller de reparaci\u00f3n de celulares es mucho m\u00e1s que un lugar para arreglar dispositivos; es un espacio donde cada cliente recibe un servicio personalizado y de alta calidad. <\/p>\n\n\n\n<hr class=\"wp-block-separator has-alpha-channel-opacity\"\/>\n\n\n\n<p class=\"has-large-font-size\"><strong>Taller Automotriz J y J<\/strong><\/p>\n\n\n<div class=\"wp-block-image\">\n<figure class=\"aligncenter size-full is-resized\"><img loading=\"lazy\" decoding=\"async\" width=\"1000\" height=\"1000\" src=\"https:\/\/emprendeconellas.com\/wp-content\/uploads\/2025\/01\/img-12.png\" alt=\"\" class=\"wp-image-1413\" style=\"width:519px;height:auto\" srcset=\"https:\/\/emprendeconellas.com\/wp-content\/uploads\/2025\/01\/img-12.png 1000w, https:\/\/emprendeconellas.com\/wp-content\/uploads\/2025\/01\/img-12-300x300.png 300w, https:\/\/emprendeconellas.com\/wp-content\/uploads\/2025\/01\/img-12-150x150.png 150w, https:\/\/emprendeconellas.com\/wp-content\/uploads\/2025\/01\/img-12-768x768.png 768w, https:\/\/emprendeconellas.com\/wp-content\/uploads\/2025\/01\/img-12-600x600.png 600w, https:\/\/emprendeconellas.com\/wp-content\/uploads\/2025\/01\/img-12-100x100.png 100w\" sizes=\"auto, (max-width: 1000px) 100vw, 1000px\" \/><\/figure><\/div>\n\n\n<p class=\"justificar has-black-color has-text-color has-link-color has-medium-font-size wp-elements-dd688632fcdc70ca90914576861c1d21\">Soy Jenny Vargas, propietaria de Taller Automotriz J y J. Mi historia comenz\u00f3 en un \u00e1mbito muy distinto al de los motores: durante a\u00f1os, trabaj\u00e9 como costurera para sacar adelante a mis cinco hijos. Pero cuando la industria textil decay\u00f3, decid\u00ed reinventarme en un camino que siempre me hab\u00eda llamado la atenci\u00f3n: la mec\u00e1nica automotriz. No fue f\u00e1cil, pero con dedicaci\u00f3n y perseverancia, me convert\u00ed en la primera mujer en Costa Rica en graduarse del INA como t\u00e9cnica en veh\u00edculos h\u00edbridos y el\u00e9ctricos, mientras equilibraba el rol de madre y sosten\u00eda a mi familia.<\/p>\n\n\n\n<p class=\"justificar has-black-color has-text-color has-link-color has-medium-font-size wp-elements-962f86fe4146c31984440325fda0a532\">Con esta nueva formaci\u00f3n y el deseo de emprender por mi cuenta, fund\u00e9 Taller Automotriz J y J en San Miguel de Piedades Sur. Nuestro taller se especializa en servicios integrales de mec\u00e1nica para veh\u00edculos de combusti\u00f3n, h\u00edbridos y el\u00e9ctricos. Cada autom\u00f3vil que recibimos en J y J es atendido con una dedicaci\u00f3n que refleja mi pasi\u00f3n y el deseo de brindar un servicio de calidad.<\/p>\n\n\n\n<hr class=\"wp-block-separator has-alpha-channel-opacity\"\/>\n\n\n\n<p class=\"has-large-font-size\"><strong>Egikos<\/strong><\/p>\n\n\n<div class=\"wp-block-image\">\n<figure class=\"aligncenter size-full is-resized\"><img loading=\"lazy\" decoding=\"async\" width=\"1000\" height=\"1000\" src=\"https:\/\/emprendeconellas.com\/wp-content\/uploads\/2025\/01\/img-13.png\" alt=\"\" class=\"wp-image-1431\" style=\"width:522px;height:auto\" srcset=\"https:\/\/emprendeconellas.com\/wp-content\/uploads\/2025\/01\/img-13.png 1000w, https:\/\/emprendeconellas.com\/wp-content\/uploads\/2025\/01\/img-13-300x300.png 300w, https:\/\/emprendeconellas.com\/wp-content\/uploads\/2025\/01\/img-13-150x150.png 150w, https:\/\/emprendeconellas.com\/wp-content\/uploads\/2025\/01\/img-13-768x768.png 768w, https:\/\/emprendeconellas.com\/wp-content\/uploads\/2025\/01\/img-13-600x600.png 600w, https:\/\/emprendeconellas.com\/wp-content\/uploads\/2025\/01\/img-13-100x100.png 100w\" sizes=\"auto, (max-width: 1000px) 100vw, 1000px\" \/><\/figure><\/div>\n\n\n<p class=\"justificar has-black-color has-text-color has-link-color has-medium-font-size wp-elements-7482c37c152184eaa50b2fbe37d3605b\">Mi impulso para crecer en Egikos lleg\u00f3 cuando la Universidad de Costa Rica, a trav\u00e9s del TCU-781, me brind\u00f3 capacitaciones que me ayudaron a formalizar mi negocio, definir el nombre y empezar a desarrollarme en el mundo del emprendimiento. Desde entonces, no dej\u00f3 de aprender y de formarme en distintas \u00e1reas, como estilismo profesional, lifting de pesta\u00f1as, laminado de cejas, marketing digital, administraci\u00f3n de negocios, servicio al cliente y mucho m\u00e1s. He conocido personas maravillosas que me han ayudado a crecer, y cada aprendizaje ha sido un paso m\u00e1s hacia mis metas.<br>Hoy en d\u00eda, en Egikos me dedico a ofrecer servicios de belleza que buscan resaltar la esencia y el brillo de cada mujer. Ofrecemos tratamientos hidratantes para el cabello que nutren y restauran la hebra capilar, adapt\u00e1ndolos a las necesidades de cada cliente. Pero esto es solo el comienzo: sue\u00f1o con expandir este emprendimiento e incorporar servicios de bienestar, como camillas con piedras de jade, que ayudan a aliviar el dolor muscular y a mejorar la salud f\u00edsica de las personas.<\/p>\n\n\n\n<hr class=\"wp-block-separator has-alpha-channel-opacity\"\/>\n\n\n\n<p class=\"has-large-font-size\"><strong>Victoria&#8217;s Dream CR<\/strong><\/p>\n\n\n<div class=\"wp-block-image\">\n<figure class=\"aligncenter size-full is-resized\"><img loading=\"lazy\" decoding=\"async\" width=\"1000\" height=\"1000\" src=\"https:\/\/emprendeconellas.com\/wp-content\/uploads\/2025\/01\/img-14.png\" alt=\"\" class=\"wp-image-1450\" style=\"width:504px;height:auto\" srcset=\"https:\/\/emprendeconellas.com\/wp-content\/uploads\/2025\/01\/img-14.png 1000w, https:\/\/emprendeconellas.com\/wp-content\/uploads\/2025\/01\/img-14-300x300.png 300w, https:\/\/emprendeconellas.com\/wp-content\/uploads\/2025\/01\/img-14-150x150.png 150w, https:\/\/emprendeconellas.com\/wp-content\/uploads\/2025\/01\/img-14-768x768.png 768w, https:\/\/emprendeconellas.com\/wp-content\/uploads\/2025\/01\/img-14-600x600.png 600w, https:\/\/emprendeconellas.com\/wp-content\/uploads\/2025\/01\/img-14-100x100.png 100w\" sizes=\"auto, (max-width: 1000px) 100vw, 1000px\" \/><\/figure><\/div>\n\n\n<p class=\"justificar has-black-color has-text-color has-link-color has-medium-font-size wp-elements-66f2a79901b8deb04a3e6ce194c1628a\">Mi nombre es Mar\u00eda Isabel Montero, fundadora de &#8220;Victoria\u2019s Dream&#8221;, un sue\u00f1o hecho realidad que comenz\u00f3 en 2016. La inspiraci\u00f3n para este emprendimiento surgi\u00f3 durante mi embarazo, cuando descubr\u00ed la ropa infantil espa\u00f1ola. Qued\u00e9 fascinada por su calidad y elegancia, y pens\u00e9 que otros padres tambi\u00e9n merec\u00edan vestir a sus hijos con prendas hermosas y \u00fanicas. Fue entonces cuando, tras mudarme a San Ram\u00f3n de Alajuela y hacer un curso de Plan de Negocios en el INA, decid\u00ed dar el primer paso y abrir mi propia tienda, inicialmente de forma virtual.<\/p>\n\n\n\n<p class=\"justificar has-black-color has-text-color has-link-color has-medium-font-size wp-elements-8b5bc33cab05dac1cb2c99cc4635ec10\">El camino para abrir &#8220;Victoria\u2019s Dream&#8221; no fue sencillo, pero al empezar desde casa y atender a los clientes por cita, logr\u00e9 establecer una base s\u00f3lida para mi negocio. Lo que comenz\u00f3 con ropa exclusiva para beb\u00e9s y ni\u00f1os peque\u00f1os pronto se ampli\u00f3, gracias a las solicitudes de mis clientes, para incluir ropa de comuni\u00f3n y atuendos de arras, como los que llevan los pajecitos en las bodas. Adem\u00e1s, decid\u00ed a\u00f1adir chaquetas, boleros tejidos, leotardos, medias de ceremonia y accesorios, todo seleccionado con un criterio especial que prioriza la calidad y la belleza.<\/p>\n\n\n\n<hr class=\"wp-block-separator has-alpha-channel-opacity\"\/>\n\n\n\n<p class=\"has-large-font-size\"><strong>Mariachis los Poetas<\/strong><\/p>\n\n\n<div class=\"wp-block-image\">\n<figure class=\"aligncenter size-full is-resized\"><img loading=\"lazy\" decoding=\"async\" width=\"1000\" height=\"1000\" src=\"https:\/\/emprendeconellas.com\/wp-content\/uploads\/2025\/01\/img-2-1.png\" alt=\"\" class=\"wp-image-1463\" style=\"width:508px;height:auto\" srcset=\"https:\/\/emprendeconellas.com\/wp-content\/uploads\/2025\/01\/img-2-1.png 1000w, https:\/\/emprendeconellas.com\/wp-content\/uploads\/2025\/01\/img-2-1-300x300.png 300w, https:\/\/emprendeconellas.com\/wp-content\/uploads\/2025\/01\/img-2-1-150x150.png 150w, https:\/\/emprendeconellas.com\/wp-content\/uploads\/2025\/01\/img-2-1-768x768.png 768w, https:\/\/emprendeconellas.com\/wp-content\/uploads\/2025\/01\/img-2-1-600x600.png 600w, https:\/\/emprendeconellas.com\/wp-content\/uploads\/2025\/01\/img-2-1-100x100.png 100w\" sizes=\"auto, (max-width: 1000px) 100vw, 1000px\" \/><\/figure><\/div>\n\n\n<p class=\"justificar has-black-color has-text-color has-link-color has-medium-font-size wp-elements-1a871a603ff6562000941f4b66873a67\">Mariachi Los Poetas es un grupo musical dedicado a interpretar y preservar la m\u00fasica tradicional mexicana, ofreciendo presentaciones llenas de pasi\u00f3n y autenticidad. Su trayectoria comenz\u00f3 con una destacada actuaci\u00f3n en el Festival Internacional del Mariachi en Guadalajara, M\u00e9xico, que llev\u00f3 a su fundadora a Costa Rica, donde decidi\u00f3 emprender su propio camino art\u00edstico. El grupo se caracteriza por su calidad musical y su conexi\u00f3n con el p\u00fablico, destac\u00e1ndose en eventos y celebraciones especiales. Con una historia marcada por aprendizajes y logros, <em>Mariachi Los Poetas<\/em> se ha consolidado como un referente en la interpretaci\u00f3n de m\u00fasica tradicional, conectando con personas que valoran el arte y las ra\u00edces culturales.<\/p>\n\n\n\n<hr class=\"wp-block-separator has-alpha-channel-opacity\"\/>\n\n\n\n<p class=\"has-large-font-size\"><strong>Fashion Impacto <\/strong><\/p>\n\n\n<div class=\"wp-block-image\">\n<figure class=\"aligncenter size-full is-resized\"><img loading=\"lazy\" decoding=\"async\" width=\"2560\" height=\"1753\" src=\"https:\/\/emprendeconellas.com\/wp-content\/uploads\/2025\/10\/Sin-titulo-scaled.jpg\" alt=\"\" class=\"wp-image-2081\" style=\"width:508px;height:auto\" srcset=\"https:\/\/emprendeconellas.com\/wp-content\/uploads\/2025\/10\/Sin-titulo-scaled.jpg 2560w, https:\/\/emprendeconellas.com\/wp-content\/uploads\/2025\/10\/Sin-titulo-300x205.jpg 300w, https:\/\/emprendeconellas.com\/wp-content\/uploads\/2025\/10\/Sin-titulo-1024x701.jpg 1024w, https:\/\/emprendeconellas.com\/wp-content\/uploads\/2025\/10\/Sin-titulo-768x526.jpg 768w, https:\/\/emprendeconellas.com\/wp-content\/uploads\/2025\/10\/Sin-titulo-1536x1052.jpg 1536w, https:\/\/emprendeconellas.com\/wp-content\/uploads\/2025\/10\/Sin-titulo-2048x1402.jpg 2048w, https:\/\/emprendeconellas.com\/wp-content\/uploads\/2025\/10\/Sin-titulo-1320x904.jpg 1320w, https:\/\/emprendeconellas.com\/wp-content\/uploads\/2025\/10\/Sin-titulo-600x411.jpg 600w\" sizes=\"auto, (max-width: 2560px) 100vw, 2560px\" \/><\/figure><\/div>\n\n\n<p class=\"justificar has-black-color has-text-color has-link-color has-medium-font-size wp-elements-e47bcd4ac04e4b3e8a2d2c5a845f3d7c\">Fashion Impacto nace del sue\u00f1o de una mujer perseverante, que durante a\u00f1os prioriz\u00f3 la maternidad y el bienestar de su familia, sin dejar de lado su pasi\u00f3n por la confecci\u00f3n. Con esfuerzo y dedicaci\u00f3n, retom\u00f3 el dise\u00f1o de uniformes profesionales, formalizando su marca y abri\u00e9ndose paso en un sector altamente competitivo.<br>Gracias a su constancia, ha logrado establecer alianzas con empresas e instituciones educativas, destacando por su atenci\u00f3n al detalle, innovaci\u00f3n y compromiso con la calidad. Ha invertido en maquinaria, tallaje industrial y materiales de alto rendimiento, como telas antifluidos, joggers y tejidos stretch, adapt\u00e1ndose a las necesidades espec\u00edficas de sectores como salud y belleza.<br>Cada prenda de Fashion Impacto es confeccionada con precisi\u00f3n, integrando bordados personalizados y recomendaciones t\u00e9cnicas, lo que garantiza comodidad, funcionalidad y estilo.<br>Fashion Impacto representa el sue\u00f1o hecho realidad de una emprendedora que convirti\u00f3 su historia de sacrificio en una propuesta de valor: ofrecer uniformes funcionales, c\u00f3modos y con estilo, que reflejan la dedicaci\u00f3n y amor por su oficio.<\/p>\n\n\n\n<hr class=\"wp-block-separator has-alpha-channel-opacity\"\/>\n\n\n\n<p class=\"has-large-font-size\"><strong>Kalopsia Dise\u00f1os Artesanales <\/strong><\/p>\n\n\n<div class=\"wp-block-image\">\n<figure class=\"aligncenter size-full is-resized\"><img loading=\"lazy\" decoding=\"async\" width=\"1768\" height=\"1768\" src=\"https:\/\/emprendeconellas.com\/wp-content\/uploads\/2025\/10\/Foto-de-microempresaria-Elieth.jpg\" alt=\"\" class=\"wp-image-2059\" style=\"width:508px;height:auto\" srcset=\"https:\/\/emprendeconellas.com\/wp-content\/uploads\/2025\/10\/Foto-de-microempresaria-Elieth.jpg 1768w, https:\/\/emprendeconellas.com\/wp-content\/uploads\/2025\/10\/Foto-de-microempresaria-Elieth-300x300.jpg 300w, https:\/\/emprendeconellas.com\/wp-content\/uploads\/2025\/10\/Foto-de-microempresaria-Elieth-1024x1024.jpg 1024w, https:\/\/emprendeconellas.com\/wp-content\/uploads\/2025\/10\/Foto-de-microempresaria-Elieth-150x150.jpg 150w, https:\/\/emprendeconellas.com\/wp-content\/uploads\/2025\/10\/Foto-de-microempresaria-Elieth-768x768.jpg 768w, https:\/\/emprendeconellas.com\/wp-content\/uploads\/2025\/10\/Foto-de-microempresaria-Elieth-1536x1536.jpg 1536w, https:\/\/emprendeconellas.com\/wp-content\/uploads\/2025\/10\/Foto-de-microempresaria-Elieth-1320x1320.jpg 1320w, https:\/\/emprendeconellas.com\/wp-content\/uploads\/2025\/10\/Foto-de-microempresaria-Elieth-600x600.jpg 600w, https:\/\/emprendeconellas.com\/wp-content\/uploads\/2025\/10\/Foto-de-microempresaria-Elieth-100x100.jpg 100w\" sizes=\"auto, (max-width: 1768px) 100vw, 1768px\" \/><\/figure><\/div>\n\n\n<p class=\"justificar has-black-color has-text-color has-link-color has-medium-font-size wp-elements-3a0a8a9e688ecf0f55fb2559ffef9b99\">Kalopsia naci\u00f3 del amor de Elieth por la bisuter\u00eda fina, buscando alternativas para realizarla para ella misma y sus familiares, lo que comenz\u00f3 como un pasatiempo pronto se transform\u00f3 en su verdadera pasi\u00f3n. Durante la pandemia, Elieth encontr\u00f3 en la bisuter\u00eda un espacio de creatividad y crecimiento personal, lo que la motiv\u00f3 a capacitarse de manera profesional en distintas t\u00e9cnicas de bisuter\u00eda en la UNED. Sus dise\u00f1os comenzaban a tomar forma y con ello el inter\u00e9s de las personas por comprarlos, lo que despert\u00f3 en ella la idea de emprender. As\u00ed, empez\u00f3 a participar en ferias locales, para dar a conocer sus productos. Desde el 2021 comenz\u00f3 con la visi\u00f3n de formalizar su emprendimiento y en el 2025 logr\u00f3 la meta de registrar su marca. Actualmente, Elieth contin\u00faa capacit\u00e1ndose, con el firme prop\u00f3sito de convertirse en profesora y compartir su conocimiento con otras mujeres, inspir\u00e1ndolas a descubrir en la bisuter\u00eda una forma de expresi\u00f3n y empoderamiento.<\/p>\n\n\n\n<hr class=\"wp-block-separator has-alpha-channel-opacity\"\/>\n\n\n\n<p class=\"has-large-font-size\"><strong>Kass Makeup<\/strong><\/p>\n\n\n<div class=\"wp-block-image\">\n<figure class=\"aligncenter size-full is-resized\"><img loading=\"lazy\" decoding=\"async\" width=\"2560\" height=\"2560\" src=\"https:\/\/emprendeconellas.com\/wp-content\/uploads\/2025\/10\/0.-Foto-de-microempresaria-Kassandra-scaled.jpg\" alt=\"\" class=\"wp-image-2060\" style=\"width:508px;height:auto\" srcset=\"https:\/\/emprendeconellas.com\/wp-content\/uploads\/2025\/10\/0.-Foto-de-microempresaria-Kassandra-scaled.jpg 2560w, https:\/\/emprendeconellas.com\/wp-content\/uploads\/2025\/10\/0.-Foto-de-microempresaria-Kassandra-300x300.jpg 300w, https:\/\/emprendeconellas.com\/wp-content\/uploads\/2025\/10\/0.-Foto-de-microempresaria-Kassandra-1024x1024.jpg 1024w, https:\/\/emprendeconellas.com\/wp-content\/uploads\/2025\/10\/0.-Foto-de-microempresaria-Kassandra-150x150.jpg 150w, https:\/\/emprendeconellas.com\/wp-content\/uploads\/2025\/10\/0.-Foto-de-microempresaria-Kassandra-768x768.jpg 768w, https:\/\/emprendeconellas.com\/wp-content\/uploads\/2025\/10\/0.-Foto-de-microempresaria-Kassandra-1536x1536.jpg 1536w, https:\/\/emprendeconellas.com\/wp-content\/uploads\/2025\/10\/0.-Foto-de-microempresaria-Kassandra-2048x2048.jpg 2048w, https:\/\/emprendeconellas.com\/wp-content\/uploads\/2025\/10\/0.-Foto-de-microempresaria-Kassandra-1320x1320.jpg 1320w, https:\/\/emprendeconellas.com\/wp-content\/uploads\/2025\/10\/0.-Foto-de-microempresaria-Kassandra-600x600.jpg 600w, https:\/\/emprendeconellas.com\/wp-content\/uploads\/2025\/10\/0.-Foto-de-microempresaria-Kassandra-100x100.jpg 100w\" sizes=\"auto, (max-width: 2560px) 100vw, 2560px\" \/><\/figure><\/div>\n\n\n<p class=\"justificar has-black-color has-text-color has-link-color has-medium-font-size wp-elements-8212aac67f4f544e17206d8395b8d140\">Kass Makeup naci\u00f3 en el a\u00f1o 2022 como el resultado de un sue\u00f1o cultivado desde la ni\u00f1ez y de una formaci\u00f3n profesional en el Instituto IECSA, en San Jos\u00e9. Detr\u00e1s de este emprendimiento est\u00e1 una mujer apasionada por el arte de realzar la belleza natural, convencida de que el maquillaje y el peinado son herramientas para empoderar a otras mujeres y elevar su autoestima.<br>Con m\u00e1s de tres a\u00f1os de experiencia en el mundo del emprendimiento, Kass ha logrado posicionar su marca como un espacio de confianza y creatividad, en el que cada servicio se adapta a las caracter\u00edsticas, gustos y esencia de cada persona. En Kass Makeup se ofrece mucho m\u00e1s que un cambio est\u00e9tico: se brinda una experiencia personalizada que celebra la autenticidad y fortalece la seguridad de quienes lo reciben.<br>Este emprendimiento representa el compromiso de una mujer emprendedora con el desarrollo personal y profesional, y con la convicci\u00f3n de que todas las mujeres merecen sentirse hermosas, fuertes y valoradas.<\/p>\n\n\n\n<p class=\"justificar has-black-color has-text-color has-link-color has-medium-font-size wp-elements-ee11ff1e38e867297288a57a77833aa5\"><\/p>\n\n\n\n<p class=\"justificar has-black-color has-text-color has-link-color has-medium-font-size wp-elements-ee11ff1e38e867297288a57a77833aa5\"><\/p>\n\n\n\n<p class=\"justificar has-black-color has-text-color has-link-color has-medium-font-size wp-elements-ee11ff1e38e867297288a57a77833aa5\"><\/p>\n\n\n\n<p><\/p>\n","protected":false},"excerpt":{"rendered":"<p>En esta secci\u00f3n, te invitamos a conocer a las protagonistas detr\u00e1s de cada creaci\u00f3n: mujeres valientes que, a trav\u00e9s de su trabajo, no solo construyen sus negocios, sino que tambi\u00e9n inspiran a otros. Cada producto que encuentras en nuestra tienda no solo refleja creatividad y calidad, sino tambi\u00e9n el esp\u00edritu emprendedor de mujeres que han<\/p>\n<div class=\"more-link\">\n\t\t\t\t <a href=\"https:\/\/emprendeconellas.com\/index.php\/pagina-ejemplo\/\" class=\"link-btn\"><span>Seguir leyendo <\/span> <i class=\"icofont-thin-double-right\"><\/i><\/a>\n\t\t\t<\/div>\n","protected":false},"author":1,"featured_media":0,"parent":0,"menu_order":0,"comment_status":"closed","ping_status":"open","template":"","meta":{"om_disable_all_campaigns":false,"_monsterinsights_skip_tracking":false,"_monsterinsights_sitenote_active":false,"_monsterinsights_sitenote_note":"","_monsterinsights_sitenote_category":0,"footnotes":""},"class_list":["post-2","page","type-page","status-publish","hentry"],"aioseo_notices":[],"jetpack_sharing_enabled":true,"_links":{"self":[{"href":"https:\/\/emprendeconellas.com\/index.php\/wp-json\/wp\/v2\/pages\/2","targetHints":{"allow":["GET"]}}],"collection":[{"href":"https:\/\/emprendeconellas.com\/index.php\/wp-json\/wp\/v2\/pages"}],"about":[{"href":"https:\/\/emprendeconellas.com\/index.php\/wp-json\/wp\/v2\/types\/page"}],"author":[{"embeddable":true,"href":"https:\/\/emprendeconellas.com\/index.php\/wp-json\/wp\/v2\/users\/1"}],"replies":[{"embeddable":true,"href":"https:\/\/emprendeconellas.com\/index.php\/wp-json\/wp\/v2\/comments?post=2"}],"version-history":[{"count":42,"href":"https:\/\/emprendeconellas.com\/index.php\/wp-json\/wp\/v2\/pages\/2\/revisions"}],"predecessor-version":[{"id":2082,"href":"https:\/\/emprendeconellas.com\/index.php\/wp-json\/wp\/v2\/pages\/2\/revisions\/2082"}],"wp:attachment":[{"href":"https:\/\/emprendeconellas.com\/index.php\/wp-json\/wp\/v2\/media?parent=2"}],"curies":[{"name":"wp","href":"https:\/\/api.w.org\/{rel}","templated":true}]}}